{"id":813,"date":"2017-06-23T08:28:53","date_gmt":"2017-06-23T08:28:53","guid":{"rendered":"http:\/\/185.56.147.185\/~dakwerkenvandrie\/?page_id=813\/"},"modified":"2025-12-11T14:38:15","modified_gmt":"2025-12-11T14:38:15","slug":"primes-2","status":"publish","type":"page","link":"https:\/\/www.dakwerken-vandriessche.be\/fr\/primes-2\/","title":{"rendered":"Primes isolation de toiture 2025"},"content":{"rendered":"\n<div style=\"height:69px\" aria-hidden=\"true\" class=\"wp-block-spacer\"><\/div>\n\n<p>L&rsquo;isolation de toiture est l&rsquo;une des mesures les plus efficaces sur le plan \u00e9nerg\u00e9tique que vous puissiez prendre pour votre habitation. Outre une facture \u00e9nerg\u00e9tique moins \u00e9lev\u00e9e et un confort de vie accru, vous pouvez b\u00e9n\u00e9ficier en 2025 de diff\u00e9rentes <strong>primes et avantages financiers<\/strong>. Vous trouverez ci-dessous un aper\u00e7u des primes disponibles pour l&rsquo;isolation de toiture en Flandre.  <\/p>\n\n<div class=\"wp-block-buttons is-layout-flex wp-block-buttons-is-layout-flex\">\n<div class=\"wp-block-button\"><a class=\"wp-block-button__link wp-element-button\" href=\"https:\/\/www.dakwerken-vandriessche.be\/fr\/contact\/\">Demandez votre devis<\/a><\/div>\n<\/div>\n\n<h2 class=\"wp-block-heading\"><strong>Mijn VerbouwPremie<\/strong><\/h2>\n\n<p>Le gouvernement flamand offre, via la <a href=\"https:\/\/www.vlaanderen.be\/premies-voor-renovatie\/mijn-verbouwpremie\" target=\"_blank\" rel=\"noopener\"><strong>Mijn VerbouwPremie<\/strong><\/a>, un soutien aux propri\u00e9taires occupants et autres investisseurs qui investissent dans l&rsquo;isolation de toiture.<\/p>\n\n<ul class=\"wp-block-list\">\n<li><strong>Montant de la prime :<\/strong> \u00e0 partir du 1er janvier 2025, la prime pour la cat\u00e9gorie de revenus la plus basse s&rsquo;\u00e9l\u00e8ve \u00e0 35 % du montant de la facture, avec un maximum de 4 025 \u20ac. Pour la cat\u00e9gorie de revenus interm\u00e9diaire, elle est de 25 % du montant de la facture, avec un maximum de 2 875 \u20ac. <\/li>\n<\/ul>\n\n<p><\/p>\n\n<ul class=\"wp-block-list\">\n<li><strong>Conditions :<\/strong>\n<ul class=\"wp-block-list\">\n<li>Le logement doit \u00eatre situ\u00e9 dans la R\u00e9gion flamande et <strong>avoir au moins 15 ans<\/strong>.<\/li>\n\n\n\n<li>L&rsquo;isolation de toiture doit avoir une <strong>valeur Rd minimale de 4,5 m\u00b2K\/W<\/strong>.<\/li>\n\n\n\n<li>Les travaux doivent \u00eatre effectu\u00e9s par un <strong>entrepreneur agr\u00e9\u00e9<\/strong>.<\/li>\n<\/ul>\n<\/li>\n<\/ul>\n\n<ul class=\"wp-block-list\">\n<li><strong>Proc\u00e9dure de demande :<\/strong> introduisez votre demande en ligne via le guichet num\u00e9rique (<a href=\"https:\/\/loket.mijnverbouwpremie.be\/\" target=\"_blank\" rel=\"noopener\">Mijn VerbouwLoket<\/a>) du gouvernement flamand. Cela doit se faire au plus tard deux ans apr\u00e8s la date de la derni\u00e8re facture. <\/li>\n<\/ul>\n\n<p>Vous trouverez de plus amples informations sur la proc\u00e9dure de demande sur le site web du <a href=\"https:\/\/www.vlaanderen.be\/premies-voor-renovatie\/mijn-verbouwpremie?utm_source=chatgpt.com\" target=\"_blank\" rel=\"noopener\">Gouvernement flamand<\/a>.<\/p>\n\n<div class=\"wp-block-columns is-layout-flex wp-container-core-columns-is-layout-28f84493 wp-block-columns-is-layout-flex\">\n<div class=\"wp-block-column is-layout-flow wp-block-column-is-layout-flow\">\n<figure class=\"wp-block-image size-large\"><img loading=\"lazy\" decoding=\"async\" width=\"1024\" height=\"676\" src=\"https:\/\/www.dakwerken-vandriessche.be\/wp-content\/uploads\/2024\/10\/soorten-isolatie-1024x676.jpg\" alt=\"Primes isolation de toiture\" class=\"wp-image-4328\" srcset=\"https:\/\/www.dakwerken-vandriessche.be\/wp-content\/uploads\/2024\/10\/soorten-isolatie-1024x676.jpg 1024w, https:\/\/www.dakwerken-vandriessche.be\/wp-content\/uploads\/2024\/10\/soorten-isolatie-300x198.jpg 300w, https:\/\/www.dakwerken-vandriessche.be\/wp-content\/uploads\/2024\/10\/soorten-isolatie-768x507.jpg 768w, https:\/\/www.dakwerken-vandriessche.be\/wp-content\/uploads\/2024\/10\/soorten-isolatie-1536x1015.jpg 1536w, https:\/\/www.dakwerken-vandriessche.be\/wp-content\/uploads\/2024\/10\/soorten-isolatie-2048x1353.jpg 2048w\" sizes=\"auto, (max-width: 1024px) 100vw, 1024px\" \/><\/figure>\n<\/div>\n\n\n\n<div class=\"wp-block-column is-layout-flow wp-block-column-is-layout-flow\">\n<figure class=\"wp-block-image size-large\"><img loading=\"lazy\" decoding=\"async\" width=\"1024\" height=\"660\" src=\"https:\/\/www.dakwerken-vandriessche.be\/wp-content\/uploads\/2024\/12\/premies-dakisolatie-1024x660.jpg\" alt=\"primes isolation de toiture\" class=\"wp-image-4364\" srcset=\"https:\/\/www.dakwerken-vandriessche.be\/wp-content\/uploads\/2024\/12\/premies-dakisolatie-1024x660.jpg 1024w, https:\/\/www.dakwerken-vandriessche.be\/wp-content\/uploads\/2024\/12\/premies-dakisolatie-300x193.jpg 300w, https:\/\/www.dakwerken-vandriessche.be\/wp-content\/uploads\/2024\/12\/premies-dakisolatie-768x495.jpg 768w, https:\/\/www.dakwerken-vandriessche.be\/wp-content\/uploads\/2024\/12\/premies-dakisolatie-1536x991.jpg 1536w, https:\/\/www.dakwerken-vandriessche.be\/wp-content\/uploads\/2024\/12\/premies-dakisolatie-2048x1321.jpg 2048w\" sizes=\"auto, (max-width: 1024px) 100vw, 1024px\" \/><\/figure>\n<\/div>\n<\/div>\n\n<h2 class=\"wp-block-heading\"><strong>Prime label\u00a0EPC<\/strong><\/h2>\n\n<p>Votre habitation avait-elle une mauvaise performance \u00e9nerg\u00e9tique que vous avez am\u00e9lior\u00e9e entre-temps ? Dans ce cas, vous pouvez pr\u00e9tendre \u00e0 la <a href=\"https:\/\/www.vlaanderen.be\/premies-voor-renovatie\/mijn-epc-labelpremie\" target=\"_blank\" rel=\"noopener\">prime label PEB<\/a> si vous am\u00e9liorez consid\u00e9rablement le label PEB <strong>dans les cinq ans suivant l&rsquo;achat<\/strong> de l&rsquo;habitation. <\/p>\n\n<ul class=\"wp-block-list\">\n<li><strong>Montant de la prime :<\/strong> le montant varie en fonction du label PEB obtenu apr\u00e8s la r\u00e9novation et de votre cat\u00e9gorie de revenus.<\/li>\n\n\n\n<li><strong>Conditions<\/strong> :\n<ul class=\"wp-block-list\">\n<li>Un expert \u00e9nerg\u00e9tique agr\u00e9\u00e9 doit \u00e9tablir un PEB <strong>avant et apr\u00e8s<\/strong> les travaux.<\/li>\n\n\n\n<li>Les travaux de r\u00e9novation doivent \u00eatre <strong>termin\u00e9s dans les cinq ans<\/strong> suivant l&rsquo;achat de l&rsquo;habitation.<\/li>\n<\/ul>\n<\/li>\n<\/ul>\n\n<p>Pour en savoir plus sur les conditions, consultez le site web du <a href=\"https:\/\/www.vlaanderen.be\/premies-voor-renovatie\/mijn-epc-labelpremie\/hoe-vraag-ik-mijn-epc-labelpremie-aan?utm_source=chatgpt.com\" target=\"_blank\" rel=\"noopener\">Gouvernement flamand<\/a>. <strong>Proc\u00e9dure de demande :<\/strong> \u00e0 partir du 1er janvier 2025, la demande peut \u00eatre envoy\u00e9e via le guichet en ligne de <a href=\"https:\/\/www.vlaanderen.be\/premies-voor-renovatie\/mijn-verbouwpremie\" target=\"_blank\" rel=\"noopener\"><strong>Mijn VerbouwPremie<\/strong><\/a>.<\/p>\n\n<h2 class=\"wp-block-heading\"><strong>Bonus r\u00e9novation totale (BENO-pass)<\/strong><\/h2>\n\n<p>Si vous r\u00e9alisez <strong>au moins trois investissements \u00e9conomiseurs d&rsquo;\u00e9nergie<\/strong> dans un d\u00e9lai de cinq ans, vous pouvez pr\u00e9tendre au <a href=\"https:\/\/www.vlaanderen.be\/totaalrenovatiebonus-beno-pass-van-fluvius\" target=\"_blank\" rel=\"noopener\"><strong>Bonus r\u00e9novation totale<\/strong><\/a>, dont l&rsquo;isolation de toiture peut faire partie.<\/p>\n\n<ul class=\"wp-block-list\">\n<li><strong>Montant de la prime :<\/strong> en fonction du nombre d&rsquo;investissements, la prime peut atteindre 4 750 \u20ac.<\/li>\n\n\n\n<li><strong>Conditions :<\/strong>\n<ul class=\"wp-block-list\">\n<li>R\u00e9aliser au minimum <strong>trois mesures d&rsquo;\u00e9conomie d&rsquo;\u00e9nergie<\/strong> <strong>dans un d\u00e9lai de cinq ans<\/strong>.<\/li>\n\n\n\n<li>Le premier investissement <strong>devait d\u00e9j\u00e0 avoir lieu<\/strong> entre le 1er janvier 2017 et le 31 d\u00e9cembre 2020.<\/li>\n\n\n\n<li>Apr\u00e8s le 30 juin 2022, <strong>aucun nouveau BENO-pass ne peut plus \u00eatre d\u00e9marr\u00e9<\/strong>. Toutefois, si vous aviez d\u00e9j\u00e0 activ\u00e9 un BENO-pass avant cette date, vous pouvez toujours pr\u00e9tendre au Bonus r\u00e9novation totale. <\/li>\n<\/ul>\n<\/li>\n<\/ul>\n\n<p>Vous trouverez de plus amples informations sur le Bonus r\u00e9novation totale sur le site web de <a href=\"https:\/\/www.fluvius.be\/nl\/premies\/de-totaalrenovatiebonus?utm_source=chatgpt.com\" target=\"_blank\" rel=\"noopener\">Fluvius<\/a>.<\/p>\n\n<ul class=\"wp-block-list\">\n<li><strong>Proc\u00e9dure de demande :<\/strong> via le gestionnaire de r\u00e9seau Fluvius.<\/li>\n<\/ul>\n\n<div class=\"wp-block-group has-white-color has-primary-background-color has-text-color has-background has-link-color wp-elements-3af3c950884b544a0ab48ac3c2e40e6e has-global-padding is-layout-constrained wp-container-core-group-is-layout-52009084 wp-block-group-is-layout-constrained\" style=\"padding-top:var(--wp--preset--spacing--40);padding-right:var(--wp--preset--spacing--40);padding-bottom:var(--wp--preset--spacing--40);padding-left:var(--wp--preset--spacing--40)\">\n<div class=\"wp-block-group is-content-justification-space-between is-nowrap is-layout-flex wp-container-core-group-is-layout-ddb38ade wp-block-group-is-layout-flex\">\n<div class=\"wp-block-group has-global-padding is-layout-constrained wp-block-group-is-layout-constrained\">\n<h2 class=\"wp-block-heading has-medium-font-size\">Isoler votre toit est rentable, nous sommes l\u00e0 pour vous aider.<\/h2>\n\n\n\n<p>Demandez votre devis gratuit.<\/p>\n<\/div>\n\n\n\n<div class=\"wp-block-buttons is-layout-flex wp-block-buttons-is-layout-flex\" style=\"margin-top:0;margin-bottom:0\">\n<div class=\"wp-block-button is-style-fill\"><a class=\"wp-block-button__link has-primary-color has-white-background-color has-text-color has-background has-link-color wp-element-button\" href=\"https:\/\/www.dakwerken-vandriessche.be\/fr\/contact\/\">Contactez-nous<\/a><\/div>\n<\/div>\n<\/div>\n\n\n\n<p><\/p>\n<\/div>\n\n<h2 class=\"wp-block-heading\"><strong>Taux de\u00a0TVA r\u00e9duit<\/strong><\/h2>\n\n<p>Pour les <strong>habitations de plus de dix ans<\/strong>, un <a href=\"https:\/\/www.mijn-dakwerker.be\/dak-premies#:~:text=Ook%20in%202024%20%2D%202025%20kom,gebruikt%20worden%20ook%20in%20aanmerking.\" target=\"_blank\" rel=\"noopener\"><strong>taux de TVA r\u00e9duit de 6 %<\/strong><\/a> s&rsquo;applique aux travaux de r\u00e9novation, y compris l&rsquo;isolation de toiture. Cela offre des \u00e9conomies consid\u00e9rables. <\/p>\n\n<ul class=\"wp-block-list\">\n<li><strong>Conditions<\/strong> :\n<ul class=\"wp-block-list\">\n<li>L&rsquo;habitation doit <strong>avoir au moins dix ans<\/strong>.<\/li>\n\n\n\n<li>L&rsquo;habitation doit \u00eatre principalement utilis\u00e9e comme <strong>habitation priv\u00e9e<\/strong>.<\/li>\n\n\n\n<li>Les travaux doivent \u00eatre effectu\u00e9s par un <strong>entrepreneur agr\u00e9\u00e9<\/strong>.<\/li>\n<\/ul>\n<\/li>\n<\/ul>\n\n<p>Pour plus d&rsquo;informations sur les conditions du taux de TVA r\u00e9duit, vous pouvez consulter le site web officiel du <a href=\"https:\/\/www.vlaanderen.be\/bouwen-wonen-en-energie\/bouwen-en-verbouwen\/btw-tarief-van-6-bij-renovatie-en-sloop-en-heropbouw-van-woningen?utm_source=chatgpt.com\" target=\"_blank\" rel=\"noopener\">Gouvernement flamand<\/a>.<\/p>\n\n<p>Consultez aussi : <a href=\"https:\/\/www.dakwerken-vandriessche.be\/fr\/?page_id=4368\">primes pour la r\u00e9novation de toiture<\/a>.<br\/><br\/><\/p>\n\n<h2 class=\"wp-block-heading\"><strong>Primes provinciales et communales<\/strong><\/h2>\n\n<p>Certaines communes et provinces offrent des <strong>primes suppl\u00e9mentaires pour l&rsquo;isolation de toiture<\/strong>. Les conditions et la disponibilit\u00e9 varient selon le lieu. Consultez votre administration locale pour plus d&rsquo;informations.  <br\/><br\/><\/p>\n\n<h2 class=\"wp-block-heading\"><strong>Points d&rsquo;attention importants<\/strong><\/h2>\n\n<ul class=\"wp-block-list\">\n<li><strong>Bricoleurs :<\/strong> des <a href=\"https:\/\/www.vlaanderen.be\/premie-voor-doe-het-zelf-isolatie-van-dak-of-zoldervloer-via-fluvius\" target=\"_blank\" rel=\"noopener\">primes pour l&rsquo;isolation de toiture r\u00e9alis\u00e9e par soi-m\u00eame<\/a> \u00e9taient disponibles pour les factures <strong>jusqu&rsquo;au 30 juin 2024<\/strong>. Pour les factures ult\u00e9rieures, il n&rsquo;y a pas encore de clart\u00e9. <\/li>\n\n\n\n<li><strong>\u00c9limination de l&rsquo;amiante :<\/strong> Si vous combinez l&rsquo;isolation de toiture avec l&rsquo;\u00e9limination de l&rsquo;amiante, vous pouvez \u00e9ventuellement pr\u00e9tendre \u00e0 une <a href=\"https:\/\/www.vlaanderen.be\/premies-voor-renovatie\/mijn-verbouwpremie\/mijn-verbouwpremie-voor-dak\" target=\"_blank\" rel=\"noopener\">prime major\u00e9e<\/a>.<\/li>\n<\/ul>\n\n<h2 class=\"wp-block-heading\"><strong>Isoler votre toiture pour b\u00e9n\u00e9ficier des primes d&rsquo;isolation de toiture ? Optez pour Van Driessche ! <\/strong><\/h2>\n\n<p>L&rsquo;isolation de toiture est un investissement judicieux qui r\u00e9duit vos co\u00fbts \u00e9nerg\u00e9tiques et augmente le confort et la valeur de votre habitation. Gr\u00e2ce aux primes en 2025, vous pouvez r\u00e9cup\u00e9rer une grande partie des co\u00fbts. Veillez \u00e0 rassembler tous les documents \u00e0 temps et \u00e0 demander vos primes.  <\/p>\n\n<p>Curieux de savoir ce que Van Driessche peut faire pour vous ? D\u00e9couvrez nos <a href=\"https:\/\/www.dakwerken-vandriessche.be\/nl\/realisaties\/\">r\u00e9alisations<\/a>. Pour plus d&rsquo;informations ou un devis gratuit pour l&rsquo;isolation de toiture, vous pouvez nous contacter. Nos sp\u00e9cialistes agr\u00e9\u00e9s sont pr\u00eats \u00e0 vous aider \u00e0 rendre votre habitation plus \u00e9conome en \u00e9nergie.   <\/p>\n\n<div class=\"wp-block-buttons is-layout-flex wp-block-buttons-is-layout-flex\">\n<div class=\"wp-block-button\"><a class=\"wp-block-button__link wp-element-button\" href=\"https:\/\/www.dakwerken-vandriessche.be\/fr\/contact\/\">Demande de devis<\/a><\/div>\n<\/div>\n","protected":false},"excerpt":{"rendered":"<p>L&rsquo;isolation de toiture est l&rsquo;une des mesures les plus efficaces sur le plan \u00e9nerg\u00e9tique que vous puissiez prendre pour votre habitation. Outre une facture \u00e9nerg\u00e9tique moins \u00e9lev\u00e9e et un confort de vie accru, vous pouvez b\u00e9n\u00e9ficier en 2025 de diff\u00e9rentes primes et avantages financiers. Vous trouverez ci-dessous un aper\u00e7u des primes disponibles pour l&rsquo;isolation de [&hellip;]<\/p>\n","protected":false},"author":1,"featured_media":0,"parent":0,"menu_order":45,"comment_status":"closed","ping_status":"closed","template":"","meta":{"_acf_changed":false,"footnotes":""},"class_list":["post-813","page","type-page","status-publish","hentry"],"acf":[],"yoast_head":"<!-- This site is optimized with the Yoast SEO plugin v27.0 - https:\/\/yoast.com\/product\/yoast-seo-wordpress\/ -->\n<title>Primes | Dakwerken Van Driessche - Votre toiture comme il se doit<\/title>\n<meta name=\"description\" content=\"Prime pour la r\u00e9novation de votre toiture en Flandre, \u00e0 Bruxelles et en Wallonie. D\u00e9couvrez ici les primes auxquelles votre r\u00e9novation de toiture peut pr\u00e9tendre.\" \/>\n<meta name=\"robots\" content=\"index, follow, max-snippet:-1, max-image-preview:large, max-video-preview:-1\" \/>\n<link rel=\"canonical\" href=\"https:\/\/www.dakwerken-vandriessche.be\/fr\/primes-2\/\" \/>\n<meta property=\"og:locale\" content=\"fr_FR\" \/>\n<meta property=\"og:type\" content=\"article\" \/>\n<meta property=\"og:title\" content=\"Primes | Dakwerken Van Driessche - Votre toiture comme il se doit\" \/>\n<meta property=\"og:description\" content=\"Prime pour la r\u00e9novation de votre toiture en Flandre, \u00e0 Bruxelles et en Wallonie. D\u00e9couvrez ici les primes auxquelles votre r\u00e9novation de toiture peut pr\u00e9tendre.\" \/>\n<meta property=\"og:url\" content=\"https:\/\/www.dakwerken-vandriessche.be\/fr\/primes-2\/\" \/>\n<meta property=\"og:site_name\" content=\"Dakwerken Van Driessche\" \/>\n<meta property=\"article:modified_time\" content=\"2025-12-11T14:38:15+00:00\" \/>\n<meta property=\"og:image\" content=\"https:\/\/www.dakwerken-vandriessche.be\/wp-content\/uploads\/2024\/10\/soorten-isolatie-1024x676.jpg\" \/>\n<meta name=\"twitter:card\" content=\"summary_large_image\" \/>\n<meta name=\"twitter:label1\" content=\"Dur\u00e9e de lecture est.\" \/>\n\t<meta name=\"twitter:data1\" content=\"3 minutes\" \/>\n<script type=\"application\/ld+json\" class=\"yoast-schema-graph\">{\"@context\":\"https:\/\/schema.org\",\"@graph\":[{\"@type\":\"WebPage\",\"@id\":\"https:\/\/www.dakwerken-vandriessche.be\/fr\/primes-2\/\",\"url\":\"https:\/\/www.dakwerken-vandriessche.be\/fr\/primes-2\/\",\"name\":\"Primes | Dakwerken Van Driessche - Votre toiture comme il se doit\",\"isPartOf\":{\"@id\":\"https:\/\/www.dakwerken-vandriessche.be\/fr\/#website\"},\"primaryImageOfPage\":{\"@id\":\"https:\/\/www.dakwerken-vandriessche.be\/fr\/primes-2\/#primaryimage\"},\"image\":{\"@id\":\"https:\/\/www.dakwerken-vandriessche.be\/fr\/primes-2\/#primaryimage\"},\"thumbnailUrl\":\"https:\/\/www.dakwerken-vandriessche.be\/wp-content\/uploads\/2024\/10\/soorten-isolatie-1024x676.jpg\",\"datePublished\":\"2017-06-23T08:28:53+00:00\",\"dateModified\":\"2025-12-11T14:38:15+00:00\",\"description\":\"Prime pour la r\u00e9novation de votre toiture en Flandre, \u00e0 Bruxelles et en Wallonie. D\u00e9couvrez ici les primes auxquelles votre r\u00e9novation de toiture peut pr\u00e9tendre.\",\"breadcrumb\":{\"@id\":\"https:\/\/www.dakwerken-vandriessche.be\/fr\/primes-2\/#breadcrumb\"},\"inLanguage\":\"fr-BE\",\"potentialAction\":[{\"@type\":\"ReadAction\",\"target\":[\"https:\/\/www.dakwerken-vandriessche.be\/fr\/primes-2\/\"]}]},{\"@type\":\"ImageObject\",\"inLanguage\":\"fr-BE\",\"@id\":\"https:\/\/www.dakwerken-vandriessche.be\/fr\/primes-2\/#primaryimage\",\"url\":\"https:\/\/www.dakwerken-vandriessche.be\/wp-content\/uploads\/2024\/10\/soorten-isolatie-1024x676.jpg\",\"contentUrl\":\"https:\/\/www.dakwerken-vandriessche.be\/wp-content\/uploads\/2024\/10\/soorten-isolatie-1024x676.jpg\"},{\"@type\":\"BreadcrumbList\",\"@id\":\"https:\/\/www.dakwerken-vandriessche.be\/fr\/primes-2\/#breadcrumb\",\"itemListElement\":[{\"@type\":\"ListItem\",\"position\":1,\"name\":\"Home\",\"item\":\"https:\/\/www.dakwerken-vandriessche.be\/fr\/\"},{\"@type\":\"ListItem\",\"position\":2,\"name\":\"Primes isolation de toiture 2025\"}]},{\"@type\":\"WebSite\",\"@id\":\"https:\/\/www.dakwerken-vandriessche.be\/fr\/#website\",\"url\":\"https:\/\/www.dakwerken-vandriessche.be\/fr\/\",\"name\":\"Dakwerken Van Driessche\",\"description\":\"\",\"potentialAction\":[{\"@type\":\"SearchAction\",\"target\":{\"@type\":\"EntryPoint\",\"urlTemplate\":\"https:\/\/www.dakwerken-vandriessche.be\/fr\/?s={search_term_string}\"},\"query-input\":{\"@type\":\"PropertyValueSpecification\",\"valueRequired\":true,\"valueName\":\"search_term_string\"}}],\"inLanguage\":\"fr-BE\"}]}<\/script>\n<!-- \/ Yoast SEO plugin. -->","yoast_head_json":{"title":"Primes | Dakwerken Van Driessche - Votre toiture comme il se doit","description":"Prime pour la r\u00e9novation de votre toiture en Flandre, \u00e0 Bruxelles et en Wallonie. D\u00e9couvrez ici les primes auxquelles votre r\u00e9novation de toiture peut pr\u00e9tendre.","robots":{"index":"index","follow":"follow","max-snippet":"max-snippet:-1","max-image-preview":"max-image-preview:large","max-video-preview":"max-video-preview:-1"},"canonical":"https:\/\/www.dakwerken-vandriessche.be\/fr\/primes-2\/","og_locale":"fr_FR","og_type":"article","og_title":"Primes | Dakwerken Van Driessche - Votre toiture comme il se doit","og_description":"Prime pour la r\u00e9novation de votre toiture en Flandre, \u00e0 Bruxelles et en Wallonie. D\u00e9couvrez ici les primes auxquelles votre r\u00e9novation de toiture peut pr\u00e9tendre.","og_url":"https:\/\/www.dakwerken-vandriessche.be\/fr\/primes-2\/","og_site_name":"Dakwerken Van Driessche","article_modified_time":"2025-12-11T14:38:15+00:00","og_image":[{"url":"https:\/\/www.dakwerken-vandriessche.be\/wp-content\/uploads\/2024\/10\/soorten-isolatie-1024x676.jpg","type":"","width":"","height":""}],"twitter_card":"summary_large_image","twitter_misc":{"Dur\u00e9e de lecture est.":"3 minutes"},"schema":{"@context":"https:\/\/schema.org","@graph":[{"@type":"WebPage","@id":"https:\/\/www.dakwerken-vandriessche.be\/fr\/primes-2\/","url":"https:\/\/www.dakwerken-vandriessche.be\/fr\/primes-2\/","name":"Primes | Dakwerken Van Driessche - Votre toiture comme il se doit","isPartOf":{"@id":"https:\/\/www.dakwerken-vandriessche.be\/fr\/#website"},"primaryImageOfPage":{"@id":"https:\/\/www.dakwerken-vandriessche.be\/fr\/primes-2\/#primaryimage"},"image":{"@id":"https:\/\/www.dakwerken-vandriessche.be\/fr\/primes-2\/#primaryimage"},"thumbnailUrl":"https:\/\/www.dakwerken-vandriessche.be\/wp-content\/uploads\/2024\/10\/soorten-isolatie-1024x676.jpg","datePublished":"2017-06-23T08:28:53+00:00","dateModified":"2025-12-11T14:38:15+00:00","description":"Prime pour la r\u00e9novation de votre toiture en Flandre, \u00e0 Bruxelles et en Wallonie. D\u00e9couvrez ici les primes auxquelles votre r\u00e9novation de toiture peut pr\u00e9tendre.","breadcrumb":{"@id":"https:\/\/www.dakwerken-vandriessche.be\/fr\/primes-2\/#breadcrumb"},"inLanguage":"fr-BE","potentialAction":[{"@type":"ReadAction","target":["https:\/\/www.dakwerken-vandriessche.be\/fr\/primes-2\/"]}]},{"@type":"ImageObject","inLanguage":"fr-BE","@id":"https:\/\/www.dakwerken-vandriessche.be\/fr\/primes-2\/#primaryimage","url":"https:\/\/www.dakwerken-vandriessche.be\/wp-content\/uploads\/2024\/10\/soorten-isolatie-1024x676.jpg","contentUrl":"https:\/\/www.dakwerken-vandriessche.be\/wp-content\/uploads\/2024\/10\/soorten-isolatie-1024x676.jpg"},{"@type":"BreadcrumbList","@id":"https:\/\/www.dakwerken-vandriessche.be\/fr\/primes-2\/#breadcrumb","itemListElement":[{"@type":"ListItem","position":1,"name":"Home","item":"https:\/\/www.dakwerken-vandriessche.be\/fr\/"},{"@type":"ListItem","position":2,"name":"Primes isolation de toiture 2025"}]},{"@type":"WebSite","@id":"https:\/\/www.dakwerken-vandriessche.be\/fr\/#website","url":"https:\/\/www.dakwerken-vandriessche.be\/fr\/","name":"Dakwerken Van Driessche","description":"","potentialAction":[{"@type":"SearchAction","target":{"@type":"EntryPoint","urlTemplate":"https:\/\/www.dakwerken-vandriessche.be\/fr\/?s={search_term_string}"},"query-input":{"@type":"PropertyValueSpecification","valueRequired":true,"valueName":"search_term_string"}}],"inLanguage":"fr-BE"}]}},"_links":{"self":[{"href":"https:\/\/www.dakwerken-vandriessche.be\/fr\/wp-json\/wp\/v2\/pages\/813","targetHints":{"allow":["GET"]}}],"collection":[{"href":"https:\/\/www.dakwerken-vandriessche.be\/fr\/wp-json\/wp\/v2\/pages"}],"about":[{"href":"https:\/\/www.dakwerken-vandriessche.be\/fr\/wp-json\/wp\/v2\/types\/page"}],"author":[{"embeddable":true,"href":"https:\/\/www.dakwerken-vandriessche.be\/fr\/wp-json\/wp\/v2\/users\/1"}],"replies":[{"embeddable":true,"href":"https:\/\/www.dakwerken-vandriessche.be\/fr\/wp-json\/wp\/v2\/comments?post=813"}],"version-history":[{"count":3,"href":"https:\/\/www.dakwerken-vandriessche.be\/fr\/wp-json\/wp\/v2\/pages\/813\/revisions"}],"predecessor-version":[{"id":4827,"href":"https:\/\/www.dakwerken-vandriessche.be\/fr\/wp-json\/wp\/v2\/pages\/813\/revisions\/4827"}],"wp:attachment":[{"href":"https:\/\/www.dakwerken-vandriessche.be\/fr\/wp-json\/wp\/v2\/media?parent=813"}],"curies":[{"name":"wp","href":"https:\/\/api.w.org\/{rel}","templated":true}]}}