{"id":4731,"date":"2025-12-11T13:55:31","date_gmt":"2025-12-11T13:55:31","guid":{"rendered":"https:\/\/www.dakwerken-vandriessche.be\/travaux-de-toiture-wemmel\/"},"modified":"2025-12-11T13:55:40","modified_gmt":"2025-12-11T13:55:40","slug":"travaux-de-toiture-wemmel","status":"publish","type":"page","link":"https:\/\/www.dakwerken-vandriessche.be\/fr\/travaux-de-toiture-wemmel\/","title":{"rendered":"Travaux de toiture Wemmel"},"content":{"rendered":"\n<div style=\"height:69px\" aria-hidden=\"true\" class=\"wp-block-spacer\"><\/div>\n\n<p>Avez-vous des <strong>travaux de toiture pr\u00e9vus \u00e0 Wemmel<\/strong> ou dans la r\u00e9gion\u00a0? Dakwerken Van Driessche poss\u00e8de plus de <strong>dix ans d\u2019exp\u00e9rience<\/strong> dans la <strong>pose et la r\u00e9novation de toitures<\/strong>. Vous pouvez \u00e9galement faire appel \u00e0 nous pour des <strong>r\u00e9parations et des extensions<\/strong>, comme une fen\u00eatre de toit ou une lucarne.  <\/p>\n\n<p>Nous sommes sp\u00e9cialis\u00e9s dans les <strong>toits plats et inclin\u00e9s<\/strong> et nous avons \u00e9galement de l\u2019exp\u00e9rience avec toutes les formes de toits et tous les travaux de toiture. Ainsi, que vous envisagiez des travaux importants ou plut\u00f4t des travaux d\u2019entretien, <strong>Dakwerken Van Driessche<\/strong> se fera un plaisir de vous aider. <\/p>\n\n<div class=\"wp-block-buttons is-layout-flex wp-block-buttons-is-layout-flex\">\n<div class=\"wp-block-button\"><a class=\"wp-block-button__link wp-element-button\" href=\"https:\/\/www.dakwerken-vandriessche.be\/fr\/contact\/\"><strong>Contactez-nous<\/strong><\/a><\/div>\n<\/div>\n\n<div style=\"height:10px\" aria-hidden=\"true\" class=\"wp-block-spacer\"><\/div>\n\n<h2 class=\"wp-block-heading\">Travaux de toiture exp\u00e9riment\u00e9s \u00e0 Wemmel<\/h2>\n\n<p>Gr\u00e2ce \u00e0 nos nombreuses ann\u00e9es d\u2019exp\u00e9rience avec de nombreux <a href=\"https:\/\/www.dakwerken-vandriessche.be\/nl\/realisaties\/\">projets r\u00e9ussis<\/a>, Dakwerken Van Driessche est devenu un v\u00e9ritable <strong>sp\u00e9cialiste des travaux de toiture<\/strong>. Vous pouvez donc faire appel \u00e0 nous pour un large \u00e9ventail de services, tant pour les <a href=\"https:\/\/www.dakwerken-vandriessche.be\/fr\/plateformes\/\">toits plats<\/a> que pour les <a href=\"https:\/\/www.dakwerken-vandriessche.be\/fr\/toitures-en-pente\/\">toits inclin\u00e9s<\/a>. Faites appel \u00e0 notre expertise pour la pose d\u2019un <strong>nouveau toit<\/strong> ou pour la <strong>r\u00e9novation de votre toit<\/strong>. Vous pouvez \u00e9galement faire appel \u00e0 nous pour tous les travaux connexes, tels que l\u2019<a href=\"https:\/\/www.dakwerken-vandriessche.be\/nl\/zolder-isoleren\/\">isolation des combles<\/a> ou la pose d\u2019une <a href=\"https:\/\/www.dakwerken-vandriessche.be\/fr\/placement-velux\/\">fen\u00eatre de toit<\/a> ou d\u2019une <a href=\"https:\/\/www.dakwerken-vandriessche.be\/nl\/dakkapel-plaatsen\/\">lucarne<\/a>.   <\/p>\n\n<div style=\"height:30px\" aria-hidden=\"true\" class=\"wp-block-spacer\"><\/div>\n\n<div class=\"wp-block-columns is-layout-flex wp-container-core-columns-is-layout-28f84493 wp-block-columns-is-layout-flex\">\n<div class=\"wp-block-column is-layout-flow wp-block-column-is-layout-flow\">\n<figure class=\"wp-block-image\"><img loading=\"lazy\" decoding=\"async\" width=\"900\" height=\"675\" src=\"https:\/\/www.dakwerken-vandriessche.be\/wp-content\/uploads\/2017\/07\/0022.jpg\" alt=\"travaux de toiture wemmel nouvelles tuiles\" class=\"wp-image-1094\" srcset=\"https:\/\/www.dakwerken-vandriessche.be\/wp-content\/uploads\/2017\/07\/0022.jpg 900w, https:\/\/www.dakwerken-vandriessche.be\/wp-content\/uploads\/2017\/07\/0022-300x225.jpg 300w, https:\/\/www.dakwerken-vandriessche.be\/wp-content\/uploads\/2017\/07\/0022-768x576.jpg 768w\" sizes=\"auto, (max-width: 900px) 100vw, 900px\" \/><\/figure>\n<\/div>\n\n\n\n<div class=\"wp-block-column is-layout-flow wp-block-column-is-layout-flow\">\n<figure class=\"wp-block-image\"><img loading=\"lazy\" decoding=\"async\" width=\"900\" height=\"674\" src=\"https:\/\/www.dakwerken-vandriessche.be\/wp-content\/uploads\/2017\/07\/0021.jpg\" alt=\"toit en pente wemmel renouvellement de la couverture de toit existante\" class=\"wp-image-1092\" srcset=\"https:\/\/www.dakwerken-vandriessche.be\/wp-content\/uploads\/2017\/07\/0021.jpg 900w, https:\/\/www.dakwerken-vandriessche.be\/wp-content\/uploads\/2017\/07\/0021-300x225.jpg 300w, https:\/\/www.dakwerken-vandriessche.be\/wp-content\/uploads\/2017\/07\/0021-768x575.jpg 768w\" sizes=\"auto, (max-width: 900px) 100vw, 900px\" \/><\/figure>\n<\/div>\n<\/div>\n\n<div style=\"height:30px\" aria-hidden=\"true\" class=\"wp-block-spacer\"><\/div>\n\n<h2 class=\"wp-block-heading\">Pose d\u2019un nouveau toit \u00e0 Wemmel<\/h2>\n\n<p>Un toit est un \u00e9l\u00e9ment essentiel d\u2019une habitation. La <strong>pose d\u2019un nouveau toit<\/strong> doit donc se faire correctement, <strong>selon les r\u00e8gles de l\u2019art et avec le savoir-faire appropri\u00e9<\/strong>. Optez d\u00e8s lors pour un <strong>sp\u00e9cialiste ayant une expertise dans tous les types de toits<\/strong> et suffisamment d\u2019exp\u00e9rience. Chez Dakwerken Van Driessche, nous discutons d\u2019abord en d\u00e9tail avant de passer aux travaux. Vous pouvez ainsi compter sur nos <strong>conseils professionnels<\/strong>, un devis sur mesure et une bonne visibilit\u00e9 des possibilit\u00e9s.    <\/p>\n\n<div style=\"height:10px\" aria-hidden=\"true\" class=\"wp-block-spacer\"><\/div>\n\n<h2 class=\"wp-block-heading\">R\u00e9parations de toitures<\/h2>\n\n<p>Les dommages \u00e0 un toit passent <strong>souvent inaper\u00e7us trop longtemps<\/strong>, jusqu\u2019\u00e0 ce qu\u2019il soit trop tard. C\u2019est pourquoi un <strong>entretien r\u00e9gulier de la toiture<\/strong> est tr\u00e8s important. Avez-vous constat\u00e9 des dommages ou avez-vous d\u00e9j\u00e0 des fuites\u00a0? \u00cates-vous aux prises avec des <strong>d\u00e9g\u00e2ts caus\u00e9s par la temp\u00eate<\/strong>\u00a0? Une r\u00e9paration rapide est indispensable. <strong>Un<\/strong> <strong>couvreur exp\u00e9riment\u00e9 vous aidera rapidement<\/strong>. Dakwerken Van Driessche examine en profondeur l\u2019\u00e9tat de votre toit et vous donne des <strong>conseils sur les possibilit\u00e9s de r\u00e9parer les dommages<\/strong>. Nous veillons \u00e0 ce que votre toit puisse rapidement r\u00e9sister \u00e0 nouveau aux intemp\u00e9ries.     <\/p>\n\n<div style=\"height:10px\" aria-hidden=\"true\" class=\"wp-block-spacer\"><\/div>\n\n<h2 class=\"wp-block-heading\">Entretien des toitures<\/h2>\n\n<div class=\"wp-block-columns is-layout-flex wp-container-core-columns-is-layout-28f84493 wp-block-columns-is-layout-flex\">\n<div class=\"wp-block-column is-layout-flow wp-block-column-is-layout-flow\">\n<p>Seul un <strong>entretien<\/strong> est n\u00e9cessaire\u00a0? Bonne id\u00e9e, car c\u2019est ainsi que vous maintenez votre toit en parfait \u00e9tat. <strong>R\u00e9nover ou renouveler<\/strong> un toit peut s\u2019av\u00e9rer co\u00fbteux. Planifiez donc r\u00e9guli\u00e8rement un entretien de la toiture. Vous pouvez ainsi non seulement pr\u00e9venir les dommages, mais aussi les limiter. Lors d\u2019un entretien, nous examinons votre toit en profondeur. Y a-t-il des dommages ou une fuite\u00a0? Nous pouvons alors la r\u00e9parer rapidement avant qu\u2019il ne soit trop tard.       <\/p>\n\n\n\n<p>Une <strong>mauvaise isolation ou trop de mousse affectent \u00e9galement la qualit\u00e9 du toit<\/strong>. La mousse rend les tuiles poreuses, ce qui les rend plus vuln\u00e9rables aux dommages. L\u2019<a href=\"https:\/\/www.dakwerken-vandriessche.be\/fr\/demoussage-de-toitures\/\">enl\u00e8vement de la mousse<\/a> prolonge la dur\u00e9e de vie de votre toit. L\u2019int\u00e9rieur de votre toit peut \u00e9galement n\u00e9cessiter une attention particuli\u00e8re. Une <a href=\"https:\/\/www.dakwerken-vandriessche.be\/nl\/zolder-isoleren\/\">isolation des combles<\/a> correctement pos\u00e9e est en outre indispensable pour r\u00e9duire les co\u00fbts \u00e9nerg\u00e9tiques.   <\/p>\n<\/div>\n\n\n\n<div class=\"wp-block-column is-layout-flow wp-block-column-is-layout-flow\">\n<figure class=\"wp-block-image\"><img loading=\"lazy\" decoding=\"async\" width=\"1024\" height=\"683\" src=\"\/\/www.dakwerken-vandriessche.be\/wp-content\/uploads\/2021\/03\/Dakwerken-Dilbeek-Dakonderhoud-in-Dilbeek.jpg\" alt=\"Entretien des toitures Beersel\" class=\"wp-image-3168\" srcset=\"https:\/\/www.dakwerken-vandriessche.be\/wp-content\/uploads\/2021\/03\/Dakwerken-Dilbeek-Dakonderhoud-in-Dilbeek.jpg 1024w, https:\/\/www.dakwerken-vandriessche.be\/wp-content\/uploads\/2021\/03\/Dakwerken-Dilbeek-Dakonderhoud-in-Dilbeek-300x200.jpg 300w, https:\/\/www.dakwerken-vandriessche.be\/wp-content\/uploads\/2021\/03\/Dakwerken-Dilbeek-Dakonderhoud-in-Dilbeek-768x512.jpg 768w\" sizes=\"auto, (max-width: 1024px) 100vw, 1024px\" \/><\/figure>\n<\/div>\n<\/div>\n\n<div style=\"height:10px\" aria-hidden=\"true\" class=\"wp-block-spacer\"><\/div>\n\n<h2 class=\"wp-block-heading\">R\u00e9nover un toit \u00e0 Wemmel<\/h2>\n\n<p>Parfois, une r\u00e9paration ne suffit pas et une <strong>(partielle) <a href=\"https:\/\/www.dakwerken-vandriessche.be\/nl\/dakrenovatie\/\">r\u00e9novation de votre toit<\/a><\/strong> s\u2019impose. Cela peut \u00eatre le cas en cas de dommages importants ou d\u2019un toit tr\u00e8s v\u00e9tuste. Nous avons de l\u2019<g id=\"gid_2\">exp\u00e9rience avec les toits plats et inclin\u00e9s<\/g>, mais aussi avec tous les types de formes de toits. Afin d\u2019examiner ce dont votre toit a pr\u00e9cis\u00e9ment besoin, un <strong>couvreur exp\u00e9riment\u00e9 de Wemmel<\/strong> ou de la r\u00e9gion environnante se rend sur place. Il examine l\u2019\u00e9tat de votre toit et vous conseille sur l\u2019<strong>approche requise pour que votre toit redevienne comme neuf<\/strong>.    <\/p>\n\n<p>Une r\u00e9novation de toiture est en outre le moment id\u00e9al pour \u00e9galement <strong><a href=\"https:\/\/www.dakwerken-vandriessche.be\/nl\/zolder-isoleren\/\">isoler les combles<\/a><\/strong>. Si vous \u00eates en train de r\u00e9aliser une r\u00e9novation totale de votre habitation ou si vous souhaitez faire des combles un <strong>espace \u00e0 part enti\u00e8re<\/strong>, il est \u00e9galement possible d\u2019envisager une <strong>fen\u00eatre de toit ou une lucarne<\/strong>. <\/p>\n\n<div style=\"height:30px\" aria-hidden=\"true\" class=\"wp-block-spacer\"><\/div>\n\n<div class=\"wp-block-group has-white-color has-primary-background-color has-text-color has-background has-link-color wp-elements-60aa33283b8c3d3c8c038ba9952f86b9 has-global-padding is-layout-constrained wp-container-core-group-is-layout-52009084 wp-block-group-is-layout-constrained\" style=\"padding-top:var(--wp--preset--spacing--40);padding-right:var(--wp--preset--spacing--40);padding-bottom:var(--wp--preset--spacing--40);padding-left:var(--wp--preset--spacing--40)\">\n<div class=\"wp-block-group is-content-justification-space-between is-nowrap is-layout-flex wp-container-core-group-is-layout-ddb38ade wp-block-group-is-layout-flex\">\n<div class=\"wp-block-group has-global-padding is-layout-constrained wp-block-group-is-layout-constrained\">\n<h2 class=\"wp-block-heading has-medium-font-size\">Vous cherchez un couvreur\u00a0? Nous sommes l\u00e0 pour vous aider\u00a0! <\/h2>\n\n\n\n<p><\/p>\n<\/div>\n\n\n\n<div class=\"wp-block-buttons is-layout-flex wp-block-buttons-is-layout-flex\" style=\"margin-top:0;margin-bottom:0\">\n<div class=\"wp-block-button is-style-fill\"><a class=\"wp-block-button__link has-primary-color has-white-background-color has-text-color has-background has-link-color wp-element-button\" href=\"https:\/\/www.dakwerken-vandriessche.be\/fr\/contact\/\">Demandez d\u00e8s maintenant votre devis sur mesure<\/a><\/div>\n<\/div>\n<\/div>\n<\/div>\n\n<div style=\"height:30px\" aria-hidden=\"true\" class=\"wp-block-spacer\"><\/div>\n\n<h2 class=\"wp-block-heading\"><strong>Questions fr\u00e9quemment pos\u00e9es<\/strong><\/h2>\n\n<details class=\"wp-block-details is-layout-flow wp-block-details-is-layout-flow\"><summary><strong>Combien co\u00fbte un couvreur par heure&nbsp;?<\/strong><\/summary>\n<p>Les co\u00fbts d&rsquo;un couvreur d\u00e9pendent de la nature des travaux et de la complexit\u00e9 du projet. Demandez un devis pour une estimation sur mesure. <\/p>\n<\/details>\n\n<details class=\"wp-block-details is-layout-flow wp-block-details-is-layout-flow\"><summary><strong>Combien co\u00fbte un couvreur par heure&nbsp;?<\/strong><\/summary>\n<p>Les co\u00fbts d&rsquo;un couvreur d\u00e9pendent de la nature des travaux et de la complexit\u00e9 du projet. Demandez un devis pour une estimation sur mesure. <\/p>\n<\/details>\n\n<details class=\"wp-block-details is-layout-flow wp-block-details-is-layout-flow\"><summary><strong>Avez-vous besoin d&rsquo;un permis pour r\u00e9nover votre toit&nbsp;?<\/strong><\/summary>\n<p>Dans la plupart des cas, un permis n&rsquo;est pas n\u00e9cessaire, sauf si vous apportez des modifications structurelles importantes, telles qu&rsquo;un changement de forme du toit ou la pose d&rsquo;une lucarne.<\/p>\n<\/details>\n\n<details class=\"wp-block-details is-layout-flow wp-block-details-is-layout-flow\"><summary><strong>Comment savoir si votre toit est encore en bon \u00e9tat&nbsp;?<\/strong><\/summary>\n<p>Faites attention aux signes de dommages tels que les fuites, les tuiles d\u00e9tach\u00e9es ou la formation de mousse. Une inspection p\u00e9riodique du toit permet de d\u00e9tecter \u00e0 temps les dommages cach\u00e9s et d&rsquo;\u00e9viter des r\u00e9parations plus importantes. <\/p>\n<\/details>\n\n<details class=\"wp-block-details is-layout-flow wp-block-details-is-layout-flow\"><summary><strong>Puis-je b\u00e9n\u00e9ficier d&rsquo;une prime pour un nouveau toit&nbsp;?<\/strong><\/summary>\n<p>Oui, plusieurs primes sont disponibles via les <strong>autorit\u00e9s flamandes<\/strong> et les instances locales. Outre les primes, vous pouvez \u00e9galement, dans certains cas, faire appel au taux de TVA r\u00e9duit <a href=\"https:\/\/www.premiezoeker.be\/premie\/Federaal\/verlaagd-btw-tarief-6-procent-bij-renovatie\" target=\"_blank\" rel=\"noopener\">de 6\u00a0%<\/a>. La disponibilit\u00e9 et les conditions d\u00e9pendent de votre cat\u00e9gorie de revenus et de l&rsquo;efficacit\u00e9 \u00e9nerg\u00e9tique des travaux pr\u00e9vus.  <\/p>\n<\/details>\n\n<details class=\"wp-block-details is-layout-flow wp-block-details-is-layout-flow\"><summary><strong>Que dois-je faire si j&rsquo;ai une structure de toit pourrie&nbsp;?<\/strong><\/summary>\n<p>Une structure de toit pourrie peut causer de graves dommages \u00e0 votre maison. Il est important d&rsquo;<strong>intervenir rapidement.<\/strong> Faites inspecter les dommages par un couvreur professionnel et d\u00e9terminez quelles parties doivent \u00eatre r\u00e9par\u00e9es ou remplac\u00e9es. Dans certains cas, une r\u00e9novation compl\u00e8te de la toiture est n\u00e9cessaire pour garantir la stabilit\u00e9 et la s\u00e9curit\u00e9 de votre toit.  <\/p>\n<\/details>\n\n<div style=\"height:10px\" aria-hidden=\"true\" class=\"wp-block-spacer\"><\/div>\n\n<h2 class=\"wp-block-heading\">Expert recherch\u00e9 pour des travaux de toiture \u00e0 Wemmel<\/h2>\n\n<p>Depuis plus de dix ans, les habitants de Wemmel font confiance \u00e0 l\u2019expertise de Dakwerken Van Driessche pour <strong>tous les travaux de toiture, petits et grands<\/strong>. Nous travaillons de mani\u00e8re r\u00e9fl\u00e9chie, professionnelle et approfondie, avec une <strong>analyse d\u00e9taill\u00e9e de votre toit<\/strong>, des conseils concrets sur les possibilit\u00e9s et un devis sur mesure. <\/p>\n\n<p><a href=\"https:\/\/www.dakwerken-vandriessche.be\/fr\/contact\/\">Contactez-nous rapidement<\/a> si nous pouvons vous aider avec les travaux de toiture ci-dessous\u00a0:<\/p>\n\n<ul class=\"wp-block-list\">\n<li>Toits plats\u00a0: pose, r\u00e9novation et r\u00e9paration<\/li>\n\n\n\n<li>Toits inclin\u00e9s\u00a0: pose, r\u00e9novation et r\u00e9paration<\/li>\n\n\n\n<li>Entretien et d\u00e9moussage des toitures<\/li>\n\n\n\n<li>Pose, r\u00e9novation et r\u00e9paration de fen\u00eatres de toit<\/li>\n\n\n\n<li>Pose, r\u00e9novation et r\u00e9paration de lucarnes<\/li>\n\n\n\n<li><a href=\"https:\/\/www.dakwerken-vandriessche.be\/nl\/zolder-isoleren\/\">Isolation des combles<\/a><\/li>\n\n\n\n<li><a href=\"https:\/\/www.dakwerken-vandriessche.be\/fr\/zinguerie\/\">Tous les travaux de zinguerie<\/a> sur les fa\u00e7ades et les toits<\/li>\n\n\n\n<li><a href=\"https:\/\/www.dakwerken-vandriessche.be\/fr\/bardage-facade\/\">Bardage<\/a> et <a href=\"https:\/\/www.dakwerken-vandriessche.be\/nl\/gevelrenovatie\/\">r\u00e9novation de fa\u00e7ade<\/a><\/li>\n<\/ul>\n\n<div style=\"height:30px\" aria-hidden=\"true\" class=\"wp-block-spacer\"><\/div>\n\n<div class=\"wp-block-group has-white-color has-primary-background-color has-text-color has-background has-link-color wp-elements-60aa33283b8c3d3c8c038ba9952f86b9 has-global-padding is-layout-constrained wp-container-core-group-is-layout-52009084 wp-block-group-is-layout-constrained\" style=\"padding-top:var(--wp--preset--spacing--40);padding-right:var(--wp--preset--spacing--40);padding-bottom:var(--wp--preset--spacing--40);padding-left:var(--wp--preset--spacing--40)\">\n<div class=\"wp-block-group is-content-justification-space-between is-nowrap is-layout-flex wp-container-core-group-is-layout-ddb38ade wp-block-group-is-layout-flex\">\n<div class=\"wp-block-group has-global-padding is-layout-constrained wp-block-group-is-layout-constrained\">\n<h2 class=\"wp-block-heading has-medium-font-size\">Vous cherchez un couvreur\u00a0? Nous sommes l\u00e0 pour vous aider\u00a0! <\/h2>\n\n\n\n<p><\/p>\n<\/div>\n\n\n\n<div class=\"wp-block-buttons is-layout-flex wp-block-buttons-is-layout-flex\" style=\"margin-top:0;margin-bottom:0\">\n<div class=\"wp-block-button is-style-fill\"><a class=\"wp-block-button__link has-primary-color has-white-background-color has-text-color has-background has-link-color wp-element-button\" href=\"https:\/\/www.dakwerken-vandriessche.be\/fr\/contact\/\">Demandez d\u00e8s maintenant votre devis sur mesure<\/a><\/div>\n<\/div>\n<\/div>\n<\/div>\n\n<div style=\"height:30px\" aria-hidden=\"true\" class=\"wp-block-spacer\"><\/div>\n\n<h2 class=\"wp-block-heading\">NOUS SOMMES ACTIFS DANS CES R\u00c9GIONS<\/h2>\n\n<h3 class=\"wp-block-heading\"><a href=\"https:\/\/www.dakwerken-vandriessche.be\/fr\/toitures-brabant-flamand\/\" target=\"_blank\" rel=\"noopener noreferrer\">BRABANT FLAMAND<\/a><\/h3>\n\n<p>R\u00e9gion <a href=\"https:\/\/www.dakwerken-vandriessche.be\/nl\/dakwerken-halle\/\" target=\"_blank\" rel=\"noopener noreferrer\">Halle<\/a> \u2013 <a href=\"https:\/\/www.dakwerken-vandriessche.be\/nl\/dakwerken-vilvoorde\/\" target=\"_blank\" rel=\"noopener noreferrer\">Vilvoorde<\/a> \u2013 <a href=\"https:\/\/www.dakwerken-vandriessche.be\/nl\/dakwerken-sint-pieters-leeuw\/\" target=\"_blank\" rel=\"noopener noreferrer\">Sint-Pieters-Leeuw<\/a> \u2013 <a href=\"https:\/\/www.dakwerken-vandriessche.be\/nl\/dakwerken-dilbeek\/\" target=\"_blank\" rel=\"noopener noreferrer\">Dilbeek<\/a> \u2013 <a href=\"https:\/\/www.dakwerken-vandriessche.be\/nl\/dakwerken-grimbergen\/\" target=\"_blank\" rel=\"noopener noreferrer\">Grimbergen<\/a> \u2013 <a href=\"https:\/\/www.dakwerken-vandriessche.be\/nl\/dakwerken-beersel\/\">Beersel<\/a> \u2013 <a href=\"https:\/\/www.dakwerken-vandriessche.be\/fr\/travaux-de-toiture-lennik\/\" target=\"_blank\" rel=\"noopener noreferrer\">Lennik<\/a> \u2013 <a href=\"https:\/\/www.dakwerken-vandriessche.be\/nl\/dakwerken-liedekerke\/\" target=\"_blank\" rel=\"noopener noreferrer\">Liedekerke<\/a> &#8211; <a href=\"https:\/\/www.dakwerken-vandriessche.be\/nl\/dakwerken-meise\/\" target=\"_blank\" rel=\"noopener noreferrer\">Meise<\/a> &#8211; <a href=\"https:\/\/www.dakwerken-vandriessche.be\/nl\/dakwerken-sint-genesius-rode\/\" target=\"_blank\" rel=\"noopener noreferrer\">Sint-Genesius-Rode<\/a> \u2013 <a href=\"https:\/\/www.dakwerken-vandriessche.be\/nl\/dakwerken-drogenbos\/\" target=\"_blank\" rel=\"noopener noreferrer\">Drogenbos<\/a> &#8211; <a class=\"notion-link-token notion-enable-hover\" href=\"https:\/\/www.dakwerken-vandriessche.be\/nl\/dakwerken-gooik\/\" target=\"_blank\" rel=\"noopener noreferrer\" data-token-index=\"0\"><span class=\"link-annotation-unknown-block-id-770138848\">Gooik<\/span><\/a> &#8211; <a class=\"notion-link-token notion-enable-hover\" href=\"https:\/\/www.dakwerken-vandriessche.be\/nl\/dakwerken-beersel\/\" target=\"_blank\" rel=\"noopener noreferrer\" data-token-index=\"2\"><span class=\"link-annotation-unknown-block-id-682152511\">Beersel<\/span><\/a> &#8211;               <a class=\"notion-link-token notion-enable-hover\" href=\"https:\/\/www.dakwerken-vandriessche.be\/nl\/dakwerken-asse\/\" target=\"_blank\" rel=\"noopener noreferrer\" data-token-index=\"4\"><span class=\"link-annotation-unknown-block-id--119122447\">Asse<\/span><\/a>&#8211; <a class=\"notion-link-token notion-enable-hover\" href=\"https:\/\/www.dakwerken-vandriessche.be\/fr\/travaux-de-toiture-wemmel\/\" target=\"_blank\" rel=\"noopener noreferrer\" data-token-index=\"6\"><span class=\"link-annotation-unknown-block-id--868365696\">Wemmel<\/span><\/a>&#8211;   <a class=\"notion-link-token notion-enable-hover\" href=\"https:\/\/www.dakwerken-vandriessche.be\/nl\/dakwerken-ternat\/\" target=\"_blank\" rel=\"noopener noreferrer\" data-token-index=\"8\"><span class=\"link-annotation-unknown-block-id-768734357\">Ternat <\/span><\/a><\/p>\n\n<h3 class=\"wp-block-heading\"><a href=\"https:\/\/www.dakwerken-vandriessche.be\/nl\/dakwerken-brussel\/\" target=\"_blank\" rel=\"noopener noreferrer\">BRUXELLES<\/a><\/h3>\n\n<p>R\u00e9gion d&rsquo;<a href=\"https:\/\/www.dakwerken-vandriessche.be\/fr\/toitures-anderlecht\/\" target=\"_blank\" rel=\"noopener noreferrer\">Anderlecht<\/a> \u2013 <a href=\"https:\/\/www.dakwerken-vandriessche.be\/fr\/toitures-jette\/\" target=\"_blank\" rel=\"noopener noreferrer\">Jette<\/a> \u2013 <a href=\"https:\/\/www.dakwerken-vandriessche.be\/nl\/dakwerken-sint-agatha-berchem\/\" target=\"_blank\" rel=\"noopener noreferrer\">Berchem-Sainte-Agathe<\/a> \u2013 <a href=\"https:\/\/www.dakwerken-vandriessche.be\/nl\/dakwerken-ukkel\/\" target=\"_blank\" rel=\"noopener noreferrer\">Uccle<\/a><\/p>\n","protected":false},"excerpt":{"rendered":"<p>Avez-vous des travaux de toiture pr\u00e9vus \u00e0 Wemmel ou dans la r\u00e9gion\u00a0? Dakwerken Van Driessche poss\u00e8de plus de dix ans d\u2019exp\u00e9rience dans la pose et la r\u00e9novation de toitures. Vous pouvez \u00e9galement faire appel \u00e0 nous pour des r\u00e9parations et des extensions, comme une fen\u00eatre de toit ou une lucarne. Nous sommes sp\u00e9cialis\u00e9s dans les [&hellip;]<\/p>\n","protected":false},"author":9,"featured_media":1095,"parent":0,"menu_order":19,"comment_status":"closed","ping_status":"closed","template":"","meta":{"_acf_changed":false,"footnotes":""},"class_list":["post-4731","page","type-page","status-publish","has-post-thumbnail","hentry"],"acf":[],"yoast_head":"<!-- This site is optimized with the Yoast SEO plugin v27.0 - https:\/\/yoast.com\/product\/yoast-seo-wordpress\/ -->\n<title>Travaux de toiture Wemmel | Dakwerken Van Driessche<\/title>\n<meta name=\"description\" content=\"Vous recherchez un entrepreneur exp\u00e9riment\u00e9 pour des travaux de toiture \u00e0 Wemmel\u00a0? Dakwerken Van Driessche est un expert dans la pose, la r\u00e9novation et l\u2019entretien de toitures.\" \/>\n<meta name=\"robots\" content=\"index, follow, max-snippet:-1, max-image-preview:large, max-video-preview:-1\" \/>\n<link rel=\"canonical\" href=\"https:\/\/www.dakwerken-vandriessche.be\/fr\/travaux-de-toiture-wemmel\/\" \/>\n<meta property=\"og:locale\" content=\"fr_FR\" \/>\n<meta property=\"og:type\" content=\"article\" \/>\n<meta property=\"og:title\" content=\"Travaux de toiture Wemmel | Dakwerken Van Driessche\" \/>\n<meta property=\"og:description\" content=\"Vous recherchez un entrepreneur exp\u00e9riment\u00e9 pour des travaux de toiture \u00e0 Wemmel\u00a0? Dakwerken Van Driessche est un expert dans la pose, la r\u00e9novation et l\u2019entretien de toitures.\" \/>\n<meta property=\"og:url\" content=\"https:\/\/www.dakwerken-vandriessche.be\/fr\/travaux-de-toiture-wemmel\/\" \/>\n<meta property=\"og:site_name\" content=\"Dakwerken Van Driessche\" \/>\n<meta property=\"article:modified_time\" content=\"2025-12-11T13:55:40+00:00\" \/>\n<meta property=\"og:image\" content=\"https:\/\/www.dakwerken-vandriessche.be\/wp-content\/uploads\/2017\/07\/0022.jpg\" \/>\n\t<meta property=\"og:image:width\" content=\"900\" \/>\n\t<meta property=\"og:image:height\" content=\"675\" \/>\n\t<meta property=\"og:image:type\" content=\"image\/jpeg\" \/>\n<meta name=\"twitter:card\" content=\"summary_large_image\" \/>\n<meta name=\"twitter:label1\" content=\"Dur\u00e9e de lecture est.\" \/>\n\t<meta name=\"twitter:data1\" content=\"6 minutes\" \/>\n<script type=\"application\/ld+json\" class=\"yoast-schema-graph\">{\"@context\":\"https:\/\/schema.org\",\"@graph\":[{\"@type\":\"WebPage\",\"@id\":\"https:\/\/www.dakwerken-vandriessche.be\/fr\/travaux-de-toiture-wemmel\/\",\"url\":\"https:\/\/www.dakwerken-vandriessche.be\/fr\/travaux-de-toiture-wemmel\/\",\"name\":\"Travaux de toiture Wemmel | Dakwerken Van Driessche\",\"isPartOf\":{\"@id\":\"https:\/\/www.dakwerken-vandriessche.be\/fr\/#website\"},\"primaryImageOfPage\":{\"@id\":\"https:\/\/www.dakwerken-vandriessche.be\/fr\/travaux-de-toiture-wemmel\/#primaryimage\"},\"image\":{\"@id\":\"https:\/\/www.dakwerken-vandriessche.be\/fr\/travaux-de-toiture-wemmel\/#primaryimage\"},\"thumbnailUrl\":\"https:\/\/www.dakwerken-vandriessche.be\/wp-content\/uploads\/2017\/07\/0022.jpg\",\"datePublished\":\"2025-12-11T13:55:31+00:00\",\"dateModified\":\"2025-12-11T13:55:40+00:00\",\"description\":\"Vous recherchez un entrepreneur exp\u00e9riment\u00e9 pour des travaux de toiture \u00e0 Wemmel\u00a0? Dakwerken Van Driessche est un expert dans la pose, la r\u00e9novation et l\u2019entretien de toitures.\",\"breadcrumb\":{\"@id\":\"https:\/\/www.dakwerken-vandriessche.be\/fr\/travaux-de-toiture-wemmel\/#breadcrumb\"},\"inLanguage\":\"fr-BE\",\"potentialAction\":[{\"@type\":\"ReadAction\",\"target\":[\"https:\/\/www.dakwerken-vandriessche.be\/fr\/travaux-de-toiture-wemmel\/\"]}]},{\"@type\":\"ImageObject\",\"inLanguage\":\"fr-BE\",\"@id\":\"https:\/\/www.dakwerken-vandriessche.be\/fr\/travaux-de-toiture-wemmel\/#primaryimage\",\"url\":\"https:\/\/www.dakwerken-vandriessche.be\/wp-content\/uploads\/2017\/07\/0022.jpg\",\"contentUrl\":\"https:\/\/www.dakwerken-vandriessche.be\/wp-content\/uploads\/2017\/07\/0022.jpg\",\"width\":900,\"height\":675,\"caption\":\"nouvelles tuiles\"},{\"@type\":\"BreadcrumbList\",\"@id\":\"https:\/\/www.dakwerken-vandriessche.be\/fr\/travaux-de-toiture-wemmel\/#breadcrumb\",\"itemListElement\":[{\"@type\":\"ListItem\",\"position\":1,\"name\":\"Home\",\"item\":\"https:\/\/www.dakwerken-vandriessche.be\/fr\/\"},{\"@type\":\"ListItem\",\"position\":2,\"name\":\"Travaux de toiture Wemmel\"}]},{\"@type\":\"WebSite\",\"@id\":\"https:\/\/www.dakwerken-vandriessche.be\/fr\/#website\",\"url\":\"https:\/\/www.dakwerken-vandriessche.be\/fr\/\",\"name\":\"Dakwerken Van Driessche\",\"description\":\"\",\"potentialAction\":[{\"@type\":\"SearchAction\",\"target\":{\"@type\":\"EntryPoint\",\"urlTemplate\":\"https:\/\/www.dakwerken-vandriessche.be\/fr\/?s={search_term_string}\"},\"query-input\":{\"@type\":\"PropertyValueSpecification\",\"valueRequired\":true,\"valueName\":\"search_term_string\"}}],\"inLanguage\":\"fr-BE\"}]}<\/script>\n<!-- \/ Yoast SEO plugin. -->","yoast_head_json":{"title":"Travaux de toiture Wemmel | Dakwerken Van Driessche","description":"Vous recherchez un entrepreneur exp\u00e9riment\u00e9 pour des travaux de toiture \u00e0 Wemmel\u00a0? Dakwerken Van Driessche est un expert dans la pose, la r\u00e9novation et l\u2019entretien de toitures.","robots":{"index":"index","follow":"follow","max-snippet":"max-snippet:-1","max-image-preview":"max-image-preview:large","max-video-preview":"max-video-preview:-1"},"canonical":"https:\/\/www.dakwerken-vandriessche.be\/fr\/travaux-de-toiture-wemmel\/","og_locale":"fr_FR","og_type":"article","og_title":"Travaux de toiture Wemmel | Dakwerken Van Driessche","og_description":"Vous recherchez un entrepreneur exp\u00e9riment\u00e9 pour des travaux de toiture \u00e0 Wemmel\u00a0? Dakwerken Van Driessche est un expert dans la pose, la r\u00e9novation et l\u2019entretien de toitures.","og_url":"https:\/\/www.dakwerken-vandriessche.be\/fr\/travaux-de-toiture-wemmel\/","og_site_name":"Dakwerken Van Driessche","article_modified_time":"2025-12-11T13:55:40+00:00","og_image":[{"width":900,"height":675,"url":"https:\/\/www.dakwerken-vandriessche.be\/wp-content\/uploads\/2017\/07\/0022.jpg","type":"image\/jpeg"}],"twitter_card":"summary_large_image","twitter_misc":{"Dur\u00e9e de lecture est.":"6 minutes"},"schema":{"@context":"https:\/\/schema.org","@graph":[{"@type":"WebPage","@id":"https:\/\/www.dakwerken-vandriessche.be\/fr\/travaux-de-toiture-wemmel\/","url":"https:\/\/www.dakwerken-vandriessche.be\/fr\/travaux-de-toiture-wemmel\/","name":"Travaux de toiture Wemmel | Dakwerken Van Driessche","isPartOf":{"@id":"https:\/\/www.dakwerken-vandriessche.be\/fr\/#website"},"primaryImageOfPage":{"@id":"https:\/\/www.dakwerken-vandriessche.be\/fr\/travaux-de-toiture-wemmel\/#primaryimage"},"image":{"@id":"https:\/\/www.dakwerken-vandriessche.be\/fr\/travaux-de-toiture-wemmel\/#primaryimage"},"thumbnailUrl":"https:\/\/www.dakwerken-vandriessche.be\/wp-content\/uploads\/2017\/07\/0022.jpg","datePublished":"2025-12-11T13:55:31+00:00","dateModified":"2025-12-11T13:55:40+00:00","description":"Vous recherchez un entrepreneur exp\u00e9riment\u00e9 pour des travaux de toiture \u00e0 Wemmel\u00a0? Dakwerken Van Driessche est un expert dans la pose, la r\u00e9novation et l\u2019entretien de toitures.","breadcrumb":{"@id":"https:\/\/www.dakwerken-vandriessche.be\/fr\/travaux-de-toiture-wemmel\/#breadcrumb"},"inLanguage":"fr-BE","potentialAction":[{"@type":"ReadAction","target":["https:\/\/www.dakwerken-vandriessche.be\/fr\/travaux-de-toiture-wemmel\/"]}]},{"@type":"ImageObject","inLanguage":"fr-BE","@id":"https:\/\/www.dakwerken-vandriessche.be\/fr\/travaux-de-toiture-wemmel\/#primaryimage","url":"https:\/\/www.dakwerken-vandriessche.be\/wp-content\/uploads\/2017\/07\/0022.jpg","contentUrl":"https:\/\/www.dakwerken-vandriessche.be\/wp-content\/uploads\/2017\/07\/0022.jpg","width":900,"height":675,"caption":"nouvelles tuiles"},{"@type":"BreadcrumbList","@id":"https:\/\/www.dakwerken-vandriessche.be\/fr\/travaux-de-toiture-wemmel\/#breadcrumb","itemListElement":[{"@type":"ListItem","position":1,"name":"Home","item":"https:\/\/www.dakwerken-vandriessche.be\/fr\/"},{"@type":"ListItem","position":2,"name":"Travaux de toiture Wemmel"}]},{"@type":"WebSite","@id":"https:\/\/www.dakwerken-vandriessche.be\/fr\/#website","url":"https:\/\/www.dakwerken-vandriessche.be\/fr\/","name":"Dakwerken Van Driessche","description":"","potentialAction":[{"@type":"SearchAction","target":{"@type":"EntryPoint","urlTemplate":"https:\/\/www.dakwerken-vandriessche.be\/fr\/?s={search_term_string}"},"query-input":{"@type":"PropertyValueSpecification","valueRequired":true,"valueName":"search_term_string"}}],"inLanguage":"fr-BE"}]}},"_links":{"self":[{"href":"https:\/\/www.dakwerken-vandriessche.be\/fr\/wp-json\/wp\/v2\/pages\/4731","targetHints":{"allow":["GET"]}}],"collection":[{"href":"https:\/\/www.dakwerken-vandriessche.be\/fr\/wp-json\/wp\/v2\/pages"}],"about":[{"href":"https:\/\/www.dakwerken-vandriessche.be\/fr\/wp-json\/wp\/v2\/types\/page"}],"author":[{"embeddable":true,"href":"https:\/\/www.dakwerken-vandriessche.be\/fr\/wp-json\/wp\/v2\/users\/9"}],"replies":[{"embeddable":true,"href":"https:\/\/www.dakwerken-vandriessche.be\/fr\/wp-json\/wp\/v2\/comments?post=4731"}],"version-history":[{"count":1,"href":"https:\/\/www.dakwerken-vandriessche.be\/fr\/wp-json\/wp\/v2\/pages\/4731\/revisions"}],"predecessor-version":[{"id":4732,"href":"https:\/\/www.dakwerken-vandriessche.be\/fr\/wp-json\/wp\/v2\/pages\/4731\/revisions\/4732"}],"wp:featuredmedia":[{"embeddable":true,"href":"https:\/\/www.dakwerken-vandriessche.be\/fr\/wp-json\/wp\/v2\/media\/1095"}],"wp:attachment":[{"href":"https:\/\/www.dakwerken-vandriessche.be\/fr\/wp-json\/wp\/v2\/media?parent=4731"}],"curies":[{"name":"wp","href":"https:\/\/api.w.org\/{rel}","templated":true}]}}